{"id":51,"date":"2024-06-13T15:01:38","date_gmt":"2024-06-13T13:01:38","guid":{"rendered":"https:\/\/villaro.cz\/?page_id=51"},"modified":"2024-09-05T10:49:19","modified_gmt":"2024-09-05T08:49:19","slug":"villaro","status":"publish","type":"page","link":"https:\/\/villaro.cz\/","title":{"rendered":""},"content":{"rendered":"\n<div class=\"wp-block-group alignfull has-base-background-color has-background has-global-padding is-layout-constrained wp-container-core-group-is-layout-669513ed wp-block-group-is-layout-constrained\" style=\"margin-top:0;margin-bottom:0;padding-top:var(--wp--preset--spacing--50);padding-right:var(--wp--preset--spacing--50);padding-bottom:var(--wp--preset--spacing--50);padding-left:var(--wp--preset--spacing--50)\">\n<div class=\"wp-block-columns alignwide is-layout-flex wp-container-core-columns-is-layout-1da03c2a wp-block-columns-is-layout-flex\">\n<div class=\"wp-block-column is-vertically-aligned-stretch is-layout-flow wp-block-column-is-layout-flow\" style=\"flex-basis:50%\">\n<div class=\"wp-block-group is-vertical is-layout-flex wp-container-core-group-is-layout-fe9cc265 wp-block-group-is-layout-flex\" style=\"min-height:100%\">\n<figure class=\"wp-block-image size-large\"><img fetchpriority=\"high\" decoding=\"async\" width=\"1024\" height=\"538\" src=\"https:\/\/villaro.cz\/wp-content\/uploads\/2024\/06\/Villaro-logo-bez-tla-1024x538.png\" alt=\"\" class=\"wp-image-60\" style=\"object-fit:cover\" srcset=\"https:\/\/villaro.cz\/wp-content\/uploads\/2024\/06\/Villaro-logo-bez-tla-1024x538.png 1024w, https:\/\/villaro.cz\/wp-content\/uploads\/2024\/06\/Villaro-logo-bez-tla-300x158.png 300w, https:\/\/villaro.cz\/wp-content\/uploads\/2024\/06\/Villaro-logo-bez-tla-768x403.png 768w, https:\/\/villaro.cz\/wp-content\/uploads\/2024\/06\/Villaro-logo-bez-tla.png 1308w\" sizes=\"(max-width: 1024px) 100vw, 1024px\" \/><\/figure>\n\n\n\n<div style=\"height:0px\" aria-hidden=\"true\" class=\"wp-block-spacer wp-container-content-cf2db169\"><\/div>\n\n\n\n<p class=\"has-text-align-center\" style=\"font-size:clamp(0.929rem, 0.929rem + ((1vw - 0.2rem) * 0.785), 1.4rem);\">      V\u00fdrobce p\u00e1nsk\u00e9ho oble\u010den\u00ed s vlastn\u00ed s\u00edt\u00ed prodejen.<\/p>\n\n\n\n<p class=\"has-text-align-center\" style=\"font-size:clamp(0.929rem, 0.929rem + ((1vw - 0.2rem) * 0.785), 1.4rem);\">Na\u0161e v\u00fdrobky spojuj\u00ed tradici s inovacemi a smyslem pro eleganci a funk\u010dnost.<\/p>\n<\/div>\n<\/div>\n\n\n\n<div class=\"wp-block-column is-vertically-aligned-center is-layout-flow wp-block-column-is-layout-flow\" style=\"flex-basis:50%\">\n<figure class=\"wp-block-image size-large is-style-rounded is-style-rounded--1\"><img decoding=\"async\" width=\"951\" height=\"1024\" src=\"https:\/\/villaro.cz\/wp-content\/uploads\/2024\/06\/1-STRONA-CZ-951x1024.jpg\" alt=\"\" class=\"wp-image-75\" srcset=\"https:\/\/villaro.cz\/wp-content\/uploads\/2024\/06\/1-STRONA-CZ-951x1024.jpg 951w, https:\/\/villaro.cz\/wp-content\/uploads\/2024\/06\/1-STRONA-CZ-279x300.jpg 279w, https:\/\/villaro.cz\/wp-content\/uploads\/2024\/06\/1-STRONA-CZ-768x827.jpg 768w, https:\/\/villaro.cz\/wp-content\/uploads\/2024\/06\/1-STRONA-CZ-1426x1536.jpg 1426w, https:\/\/villaro.cz\/wp-content\/uploads\/2024\/06\/1-STRONA-CZ-1901x2048.jpg 1901w, https:\/\/villaro.cz\/wp-content\/uploads\/2024\/06\/1-STRONA-CZ.jpg 1998w\" sizes=\"(max-width: 951px) 100vw, 951px\" \/><\/figure>\n<\/div>\n<\/div>\n<\/div>\n\n\n\n<div class=\"wp-block-group alignfull has-accent-5-background-color has-background is-layout-flow wp-block-group-is-layout-flow\" style=\"margin-top:0;margin-bottom:0;padding-top:var(--wp--preset--spacing--50);padding-right:var(--wp--preset--spacing--50);padding-bottom:var(--wp--preset--spacing--50);padding-left:var(--wp--preset--spacing--50)\">\n<div class=\"wp-block-columns alignwide is-layout-flex wp-container-core-columns-is-layout-1da03c2a wp-block-columns-is-layout-flex\">\n<div class=\"wp-block-column is-layout-flow wp-block-column-is-layout-flow\" style=\"flex-basis:33%\">\n<h2 class=\"wp-block-heading\">ZKU\u0160ENOSTI<\/h2>\n\n\n\n<p>V\u0161echny na\u0161e ko\u0161ile, obleky a saka navrhujeme a \u0161ijeme s dlouholetou tradic\u00ed. P\u0159i tvorb\u011b ko\u0161il klademe d\u016fraz na vysokou estetickou hodnotu, v\u00fdjime\u010dn\u00e9 standardy kvality a z\u00e1kazn\u00edkovi p\u0159in\u00e1\u0161\u00edme pocit dokonal\u00e9ho stylu a elegance.<\/p>\n<\/div>\n\n\n\n<div class=\"wp-block-column is-vertically-aligned-center is-layout-flow wp-block-column-is-layout-flow\">\n<figure class=\"wp-block-image size-full is-style-rounded wp-duotone-unset-3 is-style-rounded--2\"><img decoding=\"async\" width=\"1764\" height=\"2560\" src=\"https:\/\/villaro.cz\/wp-content\/uploads\/2024\/06\/2-STRONA-CZ-scaled.jpg\" alt=\"\" class=\"wp-image-76\" srcset=\"https:\/\/villaro.cz\/wp-content\/uploads\/2024\/06\/2-STRONA-CZ-scaled.jpg 1764w, https:\/\/villaro.cz\/wp-content\/uploads\/2024\/06\/2-STRONA-CZ-207x300.jpg 207w, https:\/\/villaro.cz\/wp-content\/uploads\/2024\/06\/2-STRONA-CZ-706x1024.jpg 706w, https:\/\/villaro.cz\/wp-content\/uploads\/2024\/06\/2-STRONA-CZ-768x1114.jpg 768w, https:\/\/villaro.cz\/wp-content\/uploads\/2024\/06\/2-STRONA-CZ-1059x1536.jpg 1059w, https:\/\/villaro.cz\/wp-content\/uploads\/2024\/06\/2-STRONA-CZ-1411x2048.jpg 1411w\" sizes=\"(max-width: 1764px) 100vw, 1764px\" \/><\/figure>\n<\/div>\n\n\n\n<div class=\"wp-block-column is-vertically-aligned-center is-layout-flow wp-block-column-is-layout-flow\">\n<figure class=\"wp-block-image size-full is-style-rounded wp-duotone-unset-5 is-style-rounded--4\"><img loading=\"lazy\" decoding=\"async\" width=\"1764\" height=\"2560\" src=\"https:\/\/villaro.cz\/wp-content\/uploads\/2024\/06\/3-STRONA-CZ-scaled.jpg\" alt=\"\" class=\"wp-image-77\" srcset=\"https:\/\/villaro.cz\/wp-content\/uploads\/2024\/06\/3-STRONA-CZ-scaled.jpg 1764w, https:\/\/villaro.cz\/wp-content\/uploads\/2024\/06\/3-STRONA-CZ-207x300.jpg 207w, https:\/\/villaro.cz\/wp-content\/uploads\/2024\/06\/3-STRONA-CZ-706x1024.jpg 706w, https:\/\/villaro.cz\/wp-content\/uploads\/2024\/06\/3-STRONA-CZ-768x1114.jpg 768w, https:\/\/villaro.cz\/wp-content\/uploads\/2024\/06\/3-STRONA-CZ-1059x1536.jpg 1059w, https:\/\/villaro.cz\/wp-content\/uploads\/2024\/06\/3-STRONA-CZ-1411x2048.jpg 1411w\" sizes=\"(max-width: 1764px) 100vw, 1764px\" \/><\/figure>\n<\/div>\n<\/div>\n<\/div>\n\n\n\n<div class=\"wp-block-group alignfull has-global-padding is-layout-constrained wp-container-core-group-is-layout-669513ed wp-block-group-is-layout-constrained\" style=\"margin-top:0;margin-bottom:0;padding-top:var(--wp--preset--spacing--50);padding-right:var(--wp--preset--spacing--50);padding-bottom:var(--wp--preset--spacing--50);padding-left:var(--wp--preset--spacing--50)\">\n<div class=\"wp-block-group alignfull is-vertical is-content-justification-center is-layout-flex wp-container-core-group-is-layout-ce155fab wp-block-group-is-layout-flex\">\n<h2 class=\"wp-block-heading has-text-align-left has-xx-large-font-size\">S ohledem na va\u0161e pot\u0159eby<\/h2>\n<\/div>\n\n\n\n<div style=\"height:var(--wp--preset--spacing--30)\" aria-hidden=\"true\" class=\"wp-block-spacer\"><\/div>\n\n\n\n<div class=\"wp-block-columns alignwide is-layout-flex wp-container-core-columns-is-layout-4935966c wp-block-columns-is-layout-flex\" style=\"padding-right:0;padding-left:0\">\n<div class=\"wp-block-column is-layout-flow wp-block-column-is-layout-flow\">\n<figure class=\"wp-block-image size-full is-style-rounded is-style-rounded--6\"><img loading=\"lazy\" decoding=\"async\" width=\"2560\" height=\"1986\" src=\"https:\/\/villaro.cz\/wp-content\/uploads\/2024\/06\/4-STRONA-CZ-scaled.jpg\" alt=\"\" class=\"wp-image-70\" style=\"aspect-ratio:1;object-fit:cover\" srcset=\"https:\/\/villaro.cz\/wp-content\/uploads\/2024\/06\/4-STRONA-CZ-scaled.jpg 2560w, https:\/\/villaro.cz\/wp-content\/uploads\/2024\/06\/4-STRONA-CZ-300x233.jpg 300w, https:\/\/villaro.cz\/wp-content\/uploads\/2024\/06\/4-STRONA-CZ-1024x795.jpg 1024w, https:\/\/villaro.cz\/wp-content\/uploads\/2024\/06\/4-STRONA-CZ-768x596.jpg 768w, https:\/\/villaro.cz\/wp-content\/uploads\/2024\/06\/4-STRONA-CZ-1536x1192.jpg 1536w, https:\/\/villaro.cz\/wp-content\/uploads\/2024\/06\/4-STRONA-CZ-2048x1589.jpg 2048w\" sizes=\"(max-width: 2560px) 100vw, 2560px\" \/><\/figure>\n\n\n\n<div class=\"wp-block-group is-vertical is-content-justification-center is-nowrap is-layout-flex wp-container-core-group-is-layout-21d4e958 wp-block-group-is-layout-flex\">\n<p class=\"has-small-font-size\"><strong>\u0160IROK\u00dd SORTIMENT<\/strong><\/p>\n\n\n\n<p class=\"has-text-align-left has-small-font-size\">Nab\u00edz\u00edme \u0161irok\u00fd v\u00fdb\u011br p\u00e1nsk\u00fdch ko\u0161il, sak, oblek\u016f, vest, kalhot, svetr\u016f a bot, kter\u00e9 dokonale spojuj\u00ed eleganci a charismatick\u00fd styl pro ka\u017ed\u00e9ho mu\u017ee.<\/p>\n<\/div>\n<\/div>\n\n\n\n<div class=\"wp-block-column is-layout-flow wp-block-column-is-layout-flow\">\n<figure class=\"wp-block-image size-full is-style-rounded is-style-rounded--7\"><img loading=\"lazy\" decoding=\"async\" width=\"2560\" height=\"1986\" src=\"https:\/\/villaro.cz\/wp-content\/uploads\/2024\/06\/5-STRONA-CZ-scaled.jpg\" alt=\"\" class=\"wp-image-71\" style=\"aspect-ratio:1;object-fit:cover\" srcset=\"https:\/\/villaro.cz\/wp-content\/uploads\/2024\/06\/5-STRONA-CZ-scaled.jpg 2560w, https:\/\/villaro.cz\/wp-content\/uploads\/2024\/06\/5-STRONA-CZ-300x233.jpg 300w, https:\/\/villaro.cz\/wp-content\/uploads\/2024\/06\/5-STRONA-CZ-1024x795.jpg 1024w, https:\/\/villaro.cz\/wp-content\/uploads\/2024\/06\/5-STRONA-CZ-768x596.jpg 768w, https:\/\/villaro.cz\/wp-content\/uploads\/2024\/06\/5-STRONA-CZ-1536x1192.jpg 1536w, https:\/\/villaro.cz\/wp-content\/uploads\/2024\/06\/5-STRONA-CZ-2048x1589.jpg 2048w\" sizes=\"(max-width: 2560px) 100vw, 2560px\" \/><\/figure>\n\n\n\n<div class=\"wp-block-group is-vertical is-content-justification-center is-nowrap is-layout-flex wp-container-core-group-is-layout-63bfd6c1 wp-block-group-is-layout-flex\">\n<p class=\"has-text-align-center has-small-font-size\"><strong>KVALITA<\/strong><\/p>\n\n\n\n<p class=\"has-text-align-left has-small-font-size\">Na\u0161e \u0161irok\u00e1 nab\u00eddka zahrnuje elegantn\u00ed ko\u0161ile, spole\u010densk\u00e9 a pracovn\u00ed obleky, kter\u00e9 jsou pohodln\u00e9 a funk\u010dn\u00ed. Spojujeme eleganci se sportovn\u00edm stylem, klasiku s modern\u00edmi trendy, a to v\u0161e v nejvy\u0161\u0161\u00ed kvalit\u011b.<\/p>\n<\/div>\n<\/div>\n\n\n\n<div class=\"wp-block-column is-layout-flow wp-block-column-is-layout-flow\">\n<figure class=\"wp-block-image size-full is-style-rounded is-style-rounded--8\"><img loading=\"lazy\" decoding=\"async\" width=\"2560\" height=\"1986\" src=\"https:\/\/villaro.cz\/wp-content\/uploads\/2024\/06\/6-STRONA-CZ-scaled.jpg\" alt=\"\" class=\"wp-image-73\" style=\"aspect-ratio:1;object-fit:cover\" srcset=\"https:\/\/villaro.cz\/wp-content\/uploads\/2024\/06\/6-STRONA-CZ-scaled.jpg 2560w, https:\/\/villaro.cz\/wp-content\/uploads\/2024\/06\/6-STRONA-CZ-300x233.jpg 300w, https:\/\/villaro.cz\/wp-content\/uploads\/2024\/06\/6-STRONA-CZ-1024x795.jpg 1024w, https:\/\/villaro.cz\/wp-content\/uploads\/2024\/06\/6-STRONA-CZ-768x596.jpg 768w, https:\/\/villaro.cz\/wp-content\/uploads\/2024\/06\/6-STRONA-CZ-1536x1192.jpg 1536w, https:\/\/villaro.cz\/wp-content\/uploads\/2024\/06\/6-STRONA-CZ-2048x1589.jpg 2048w\" sizes=\"(max-width: 2560px) 100vw, 2560px\" \/><\/figure>\n\n\n\n<div class=\"wp-block-group is-vertical is-content-justification-center is-nowrap is-layout-flex wp-container-core-group-is-layout-63bfd6c1 wp-block-group-is-layout-flex\">\n<p class=\"has-text-align-center has-small-font-size\"><strong>POHODL\u00cd A FUNK\u010cNOST<\/strong><\/p>\n\n\n\n<p class=\"has-text-align-left has-small-font-size\">Vytv\u00e1\u0159\u00edme kolekce ur\u010den\u00e9 do pr\u00e1ce, na v\u00edkendy i pro zvl\u00e1\u0161tn\u00ed p\u0159\u00edle\u017eitosti. Nab\u00edz\u00edme tak\u00e9 dopl\u0148ky: mot\u00fdlky, kravaty, man\u017eetov\u00e9 knofl\u00ed\u010dky a p\u00e1sky.<\/p>\n<\/div>\n<\/div>\n<\/div>\n<\/div>\n\n\n\n<div class=\"wp-block-group alignfull has-global-padding is-layout-constrained wp-container-core-group-is-layout-d89aad35 wp-block-group-is-layout-constrained\" style=\"margin-top:0;margin-bottom:0;padding-top:var(--wp--preset--spacing--50);padding-right:var(--wp--preset--spacing--50);padding-bottom:var(--wp--preset--spacing--50);padding-left:var(--wp--preset--spacing--50)\">\n<div class=\"wp-block-columns alignwide are-vertically-aligned-center is-layout-flex wp-container-core-columns-is-layout-47c06fe3 wp-block-columns-is-layout-flex\">\n<div class=\"wp-block-column is-vertically-aligned-center is-layout-flow wp-block-column-is-layout-flow\" style=\"flex-basis:50%\">\n<h2 class=\"wp-block-heading has-text-align-center\">Kontaktujte n\u00e1s<\/h2>\n\n\n\n<h3 class=\"wp-block-heading has-text-align-center\">Adresa<\/h3>\n\n\n\n<p class=\"has-text-align-center\">\u0158\u00ed\u010dany u PRAHY<br>Duhov\u00e1 26<\/p>\n\n\n\n<h3 class=\"wp-block-heading has-text-align-center\">E-mail<\/h3>\n\n\n\n<p class=\"has-text-align-center\">obchodricany@villaro.cz<\/p>\n\n\n\n<h3 class=\"wp-block-heading has-text-align-center\">Telefon<\/h3>\n\n\n\n<p class=\"has-text-align-center\">+420 603 500 185<\/p>\n<\/div>\n\n\n\n<div class=\"wp-block-column is-vertically-aligned-center is-layout-flow wp-block-column-is-layout-flow\" style=\"flex-basis:50%\">\n<h2 class=\"wp-block-heading has-text-align-center\">Adresa<\/h2>\n\n\n\n<iframe src=\"https:\/\/www.google.com\/maps\/embed?pb=!1m18!1m12!1m3!1d3627.8340957435066!2d14.637876009210354!3d49.98762052941658!2m3!1f0!2f0!3f0!3m2!1i1024!2i768!4f13.1!3m3!1m2!1s0x470b8f77f86ef541%3A0xaa1defdc3d8db889!2zT2JjaG9kIFZJTExBUk8gUMOhbnNrw6EgTcOzZGEgxZjDrcSNYW55!5e0!3m2!1scs!2spl!4v1721802639186!5m2!1scs!2spl\" width=\"400\" height=\"300\" style=\"border:0;\" allowfullscreen=\"\" loading=\"lazy\" referrerpolicy=\"no-referrer-when-downgrade\"><\/iframe>\n<\/div>\n\n\n\n<div class=\"wp-block-column is-vertically-aligned-center is-layout-flow wp-block-column-is-layout-flow\" style=\"flex-basis:50%\">\n<figure class=\"wp-block-image size-full is-style-rounded is-style-rounded--9\"><img loading=\"lazy\" decoding=\"async\" width=\"1536\" height=\"1552\" src=\"https:\/\/villaro.cz\/wp-content\/uploads\/2024\/06\/7-STRONA-CZ.png\" alt=\"\" class=\"wp-image-59\" srcset=\"https:\/\/villaro.cz\/wp-content\/uploads\/2024\/06\/7-STRONA-CZ.png 1536w, https:\/\/villaro.cz\/wp-content\/uploads\/2024\/06\/7-STRONA-CZ-297x300.png 297w, https:\/\/villaro.cz\/wp-content\/uploads\/2024\/06\/7-STRONA-CZ-1013x1024.png 1013w, https:\/\/villaro.cz\/wp-content\/uploads\/2024\/06\/7-STRONA-CZ-768x776.png 768w, https:\/\/villaro.cz\/wp-content\/uploads\/2024\/06\/7-STRONA-CZ-1520x1536.png 1520w\" sizes=\"(max-width: 1536px) 100vw, 1536px\" \/><\/figure>\n<\/div>\n<\/div>\n<\/div>\n","protected":false},"excerpt":{"rendered":"<p>V\u00fdrobce p\u00e1nsk\u00e9ho oble\u010den\u00ed s vlastn\u00ed s\u00edt\u00ed prodejen. Na\u0161e v\u00fdrobky spojuj\u00ed tradici s inovacemi a smyslem pro eleganci a funk\u010dnost. ZKU\u0160ENOSTI V\u0161echny na\u0161e ko\u0161ile, obleky a saka navrhujeme a \u0161ijeme s dlouholetou tradic\u00ed. P\u0159i tvorb\u011b ko\u0161il klademe d\u016fraz na vysokou estetickou hodnotu, v\u00fdjime\u010dn\u00e9 standardy kvality a z\u00e1kazn\u00edkovi p\u0159in\u00e1\u0161\u00edme pocit dokonal\u00e9ho stylu a elegance. S ohledem na [&hellip;]<\/p>\n","protected":false},"author":1,"featured_media":0,"parent":0,"menu_order":0,"comment_status":"closed","ping_status":"closed","template":"","meta":{"footnotes":""},"class_list":["post-51","page","type-page","status-publish","hentry"],"yoast_head":"<!-- This site is optimized with the Yoast SEO plugin v27.5 - https:\/\/yoast.com\/product\/yoast-seo-wordpress\/ -->\n<title>- Villaro<\/title>\n<meta name=\"robots\" content=\"index, follow, max-snippet:-1, max-image-preview:large, max-video-preview:-1\" \/>\n<link rel=\"canonical\" href=\"https:\/\/villaro.cz\/\" \/>\n<meta property=\"og:locale\" content=\"pl_PL\" \/>\n<meta property=\"og:type\" content=\"article\" \/>\n<meta property=\"og:title\" content=\"- Villaro\" \/>\n<meta property=\"og:description\" content=\"V\u00fdrobce p\u00e1nsk\u00e9ho oble\u010den\u00ed s vlastn\u00ed s\u00edt\u00ed prodejen. Na\u0161e v\u00fdrobky spojuj\u00ed tradici s inovacemi a smyslem pro eleganci a funk\u010dnost. ZKU\u0160ENOSTI V\u0161echny na\u0161e ko\u0161ile, obleky a saka navrhujeme a \u0161ijeme s dlouholetou tradic\u00ed. P\u0159i tvorb\u011b ko\u0161il klademe d\u016fraz na vysokou estetickou hodnotu, v\u00fdjime\u010dn\u00e9 standardy kvality a z\u00e1kazn\u00edkovi p\u0159in\u00e1\u0161\u00edme pocit dokonal\u00e9ho stylu a elegance. S ohledem na [&hellip;]\" \/>\n<meta property=\"og:url\" content=\"https:\/\/villaro.cz\/\" \/>\n<meta property=\"og:site_name\" content=\"Villaro\" \/>\n<meta property=\"article:publisher\" content=\"https:\/\/www.facebook.com\/villaro.moda\" \/>\n<meta property=\"article:modified_time\" content=\"2024-09-05T08:49:19+00:00\" \/>\n<meta property=\"og:image\" content=\"https:\/\/villaro.cz\/wp-content\/uploads\/2024\/06\/Villaro-logo-bez-tla-1024x538.png\" \/>\n<meta name=\"twitter:card\" content=\"summary_large_image\" \/>\n<meta name=\"twitter:label1\" content=\"Szacowany czas czytania\" \/>\n\t<meta name=\"twitter:data1\" content=\"3 minuty\" \/>\n<script type=\"application\/ld+json\" class=\"yoast-schema-graph\">{\"@context\":\"https:\\\/\\\/schema.org\",\"@graph\":[{\"@type\":\"WebPage\",\"@id\":\"https:\\\/\\\/villaro.cz\\\/\",\"url\":\"https:\\\/\\\/villaro.cz\\\/\",\"name\":\"- Villaro\",\"isPartOf\":{\"@id\":\"https:\\\/\\\/villaro.cz\\\/#website\"},\"primaryImageOfPage\":{\"@id\":\"https:\\\/\\\/villaro.cz\\\/#primaryimage\"},\"image\":{\"@id\":\"https:\\\/\\\/villaro.cz\\\/#primaryimage\"},\"thumbnailUrl\":\"https:\\\/\\\/villaro.cz\\\/wp-content\\\/uploads\\\/2024\\\/06\\\/Villaro-logo-bez-tla-1024x538.png\",\"datePublished\":\"2024-06-13T13:01:38+00:00\",\"dateModified\":\"2024-09-05T08:49:19+00:00\",\"inLanguage\":\"pl-PL\",\"potentialAction\":[{\"@type\":\"ReadAction\",\"target\":[\"https:\\\/\\\/villaro.cz\\\/\"]}]},{\"@type\":\"ImageObject\",\"inLanguage\":\"pl-PL\",\"@id\":\"https:\\\/\\\/villaro.cz\\\/#primaryimage\",\"url\":\"https:\\\/\\\/villaro.cz\\\/wp-content\\\/uploads\\\/2024\\\/06\\\/Villaro-logo-bez-tla.png\",\"contentUrl\":\"https:\\\/\\\/villaro.cz\\\/wp-content\\\/uploads\\\/2024\\\/06\\\/Villaro-logo-bez-tla.png\",\"width\":1308,\"height\":687},{\"@type\":\"WebSite\",\"@id\":\"https:\\\/\\\/villaro.cz\\\/#website\",\"url\":\"https:\\\/\\\/villaro.cz\\\/\",\"name\":\"Villaro\",\"description\":\"P\u00e1nsk\u00e1 m\u00f3da\",\"publisher\":{\"@id\":\"https:\\\/\\\/villaro.cz\\\/#organization\"},\"potentialAction\":[{\"@type\":\"SearchAction\",\"target\":{\"@type\":\"EntryPoint\",\"urlTemplate\":\"https:\\\/\\\/villaro.cz\\\/?s={search_term_string}\"},\"query-input\":{\"@type\":\"PropertyValueSpecification\",\"valueRequired\":true,\"valueName\":\"search_term_string\"}}],\"inLanguage\":\"pl-PL\"},{\"@type\":\"Organization\",\"@id\":\"https:\\\/\\\/villaro.cz\\\/#organization\",\"name\":\"Villaro\",\"url\":\"https:\\\/\\\/villaro.cz\\\/\",\"logo\":{\"@type\":\"ImageObject\",\"inLanguage\":\"pl-PL\",\"@id\":\"https:\\\/\\\/villaro.cz\\\/#\\\/schema\\\/logo\\\/image\\\/\",\"url\":\"https:\\\/\\\/villaro.cz\\\/wp-content\\\/uploads\\\/2024\\\/02\\\/logo-1663833761.jpg\",\"contentUrl\":\"https:\\\/\\\/villaro.cz\\\/wp-content\\\/uploads\\\/2024\\\/02\\\/logo-1663833761.jpg\",\"width\":208,\"height\":112,\"caption\":\"Villaro\"},\"image\":{\"@id\":\"https:\\\/\\\/villaro.cz\\\/#\\\/schema\\\/logo\\\/image\\\/\"},\"sameAs\":[\"https:\\\/\\\/www.facebook.com\\\/villaro.moda\",\"https:\\\/\\\/www.instagram.com\\\/villaro.moda\\\/\"]}]}<\/script>\n<!-- \/ Yoast SEO plugin. -->","yoast_head_json":{"title":"- Villaro","robots":{"index":"index","follow":"follow","max-snippet":"max-snippet:-1","max-image-preview":"max-image-preview:large","max-video-preview":"max-video-preview:-1"},"canonical":"https:\/\/villaro.cz\/","og_locale":"pl_PL","og_type":"article","og_title":"- Villaro","og_description":"V\u00fdrobce p\u00e1nsk\u00e9ho oble\u010den\u00ed s vlastn\u00ed s\u00edt\u00ed prodejen. Na\u0161e v\u00fdrobky spojuj\u00ed tradici s inovacemi a smyslem pro eleganci a funk\u010dnost. ZKU\u0160ENOSTI V\u0161echny na\u0161e ko\u0161ile, obleky a saka navrhujeme a \u0161ijeme s dlouholetou tradic\u00ed. P\u0159i tvorb\u011b ko\u0161il klademe d\u016fraz na vysokou estetickou hodnotu, v\u00fdjime\u010dn\u00e9 standardy kvality a z\u00e1kazn\u00edkovi p\u0159in\u00e1\u0161\u00edme pocit dokonal\u00e9ho stylu a elegance. S ohledem na [&hellip;]","og_url":"https:\/\/villaro.cz\/","og_site_name":"Villaro","article_publisher":"https:\/\/www.facebook.com\/villaro.moda","article_modified_time":"2024-09-05T08:49:19+00:00","og_image":[{"url":"https:\/\/villaro.cz\/wp-content\/uploads\/2024\/06\/Villaro-logo-bez-tla-1024x538.png","type":"","width":"","height":""}],"twitter_card":"summary_large_image","twitter_misc":{"Szacowany czas czytania":"3 minuty"},"schema":{"@context":"https:\/\/schema.org","@graph":[{"@type":"WebPage","@id":"https:\/\/villaro.cz\/","url":"https:\/\/villaro.cz\/","name":"- Villaro","isPartOf":{"@id":"https:\/\/villaro.cz\/#website"},"primaryImageOfPage":{"@id":"https:\/\/villaro.cz\/#primaryimage"},"image":{"@id":"https:\/\/villaro.cz\/#primaryimage"},"thumbnailUrl":"https:\/\/villaro.cz\/wp-content\/uploads\/2024\/06\/Villaro-logo-bez-tla-1024x538.png","datePublished":"2024-06-13T13:01:38+00:00","dateModified":"2024-09-05T08:49:19+00:00","inLanguage":"pl-PL","potentialAction":[{"@type":"ReadAction","target":["https:\/\/villaro.cz\/"]}]},{"@type":"ImageObject","inLanguage":"pl-PL","@id":"https:\/\/villaro.cz\/#primaryimage","url":"https:\/\/villaro.cz\/wp-content\/uploads\/2024\/06\/Villaro-logo-bez-tla.png","contentUrl":"https:\/\/villaro.cz\/wp-content\/uploads\/2024\/06\/Villaro-logo-bez-tla.png","width":1308,"height":687},{"@type":"WebSite","@id":"https:\/\/villaro.cz\/#website","url":"https:\/\/villaro.cz\/","name":"Villaro","description":"P\u00e1nsk\u00e1 m\u00f3da","publisher":{"@id":"https:\/\/villaro.cz\/#organization"},"potentialAction":[{"@type":"SearchAction","target":{"@type":"EntryPoint","urlTemplate":"https:\/\/villaro.cz\/?s={search_term_string}"},"query-input":{"@type":"PropertyValueSpecification","valueRequired":true,"valueName":"search_term_string"}}],"inLanguage":"pl-PL"},{"@type":"Organization","@id":"https:\/\/villaro.cz\/#organization","name":"Villaro","url":"https:\/\/villaro.cz\/","logo":{"@type":"ImageObject","inLanguage":"pl-PL","@id":"https:\/\/villaro.cz\/#\/schema\/logo\/image\/","url":"https:\/\/villaro.cz\/wp-content\/uploads\/2024\/02\/logo-1663833761.jpg","contentUrl":"https:\/\/villaro.cz\/wp-content\/uploads\/2024\/02\/logo-1663833761.jpg","width":208,"height":112,"caption":"Villaro"},"image":{"@id":"https:\/\/villaro.cz\/#\/schema\/logo\/image\/"},"sameAs":["https:\/\/www.facebook.com\/villaro.moda","https:\/\/www.instagram.com\/villaro.moda\/"]}]}},"jetpack_sharing_enabled":true,"_links":{"self":[{"href":"https:\/\/villaro.cz\/index.php?rest_route=\/wp\/v2\/pages\/51","targetHints":{"allow":["GET"]}}],"collection":[{"href":"https:\/\/villaro.cz\/index.php?rest_route=\/wp\/v2\/pages"}],"about":[{"href":"https:\/\/villaro.cz\/index.php?rest_route=\/wp\/v2\/types\/page"}],"author":[{"embeddable":true,"href":"https:\/\/villaro.cz\/index.php?rest_route=\/wp\/v2\/users\/1"}],"replies":[{"embeddable":true,"href":"https:\/\/villaro.cz\/index.php?rest_route=%2Fwp%2Fv2%2Fcomments&post=51"}],"version-history":[{"count":15,"href":"https:\/\/villaro.cz\/index.php?rest_route=\/wp\/v2\/pages\/51\/revisions"}],"predecessor-version":[{"id":93,"href":"https:\/\/villaro.cz\/index.php?rest_route=\/wp\/v2\/pages\/51\/revisions\/93"}],"wp:attachment":[{"href":"https:\/\/villaro.cz\/index.php?rest_route=%2Fwp%2Fv2%2Fmedia&parent=51"}],"curies":[{"name":"wp","href":"https:\/\/api.w.org\/{rel}","templated":true}]}}